{"id":2529,"date":"2024-08-02T04:59:52","date_gmt":"2024-08-02T04:59:52","guid":{"rendered":"https:\/\/foxiz.themeruby.com\/frontier\/?page_id=2529"},"modified":"2024-08-02T04:59:52","modified_gmt":"2024-08-02T04:59:52","slug":"popcult-home-2","status":"publish","type":"page","link":"https:\/\/starssworldproduction.com\/web\/popcult-home-2\/","title":{"rendered":"Popcult Home 2"},"content":{"rendered":"\t\t<div data-elementor-type=\"wp-page\" data-elementor-id=\"2529\" class=\"elementor elementor-2529\">\n\t\t\t\t<div class=\"elementor-element elementor-element-ef02d38 e-flex e-con-boxed e-con e-parent\" data-id=\"ef02d38\" data-element_type=\"container\" data-e-type=\"container\">\n\t\t\t\t\t<div class=\"e-con-inner\">\n\t\t\t\t<div class=\"elementor-element elementor-element-7c45cbb elementor-widget elementor-widget-foxiz-overlay-flex\" data-id=\"7c45cbb\" data-element_type=\"widget\" data-e-type=\"widget\" data-widget_type=\"foxiz-overlay-flex.default\">\n\t\t\t\t<div class=\"elementor-widget-container\">\n\t\t\t\t\t<div id=\"uid_7c45cbb\" class=\"block-wrap block-overlay block-overlay-flex p-bg-overlay rb-columns rb-col-1 rb-tcol-1 rb-mcol-1 is-gap-7 p-middle ecat-bg-4 meta-s-default\"><\/div>\t\t\t\t<\/div>\n\t\t\t\t<\/div>\n\t\t\t\t<div class=\"elementor-element elementor-element-0abda5e elementor-widget elementor-widget-foxiz-grid-flex-1\" data-id=\"0abda5e\" data-element_type=\"widget\" data-e-type=\"widget\" data-widget_type=\"foxiz-grid-flex-1.default\">\n\t\t\t\t<div class=\"elementor-widget-container\">\n\t\t\t\t\t<div id=\"uid_0abda5e\" class=\"block-wrap block-grid block-grid-flex-1 first-featured rb-columns rb-col-4 rb-tcol-1 rb-mcol-1 is-gap-custom bottom-border is-b-border-gray no-last-bb is-m-list is-t-list meta-s-wrap\"><div class=\"block-inner\">\t\t<div class=\"p-wrap p-box p-grid-box-1 box-border\" data-pid=\"11355\">\r\n\t<div class=\"grid-box\">\t\t\t<div class=\"feat-holder\">\r\n\t\t\t\t\t\t<div class=\"p-featured\">\r\n\t\t\t\t\t<a class=\"p-flink\" href=\"https:\/\/starssworldproduction.com\/web\/2026\/03\/11\/shakira-y-beele-presentan-algo-tu-y-mas-estrenos-en-los-lanzamientos-musicales-de-la-semana\/\" title=\"Shakira y Be\u00e9le presentan &#8216;Algo t\u00fa&#8217; y m\u00e1s estrenos en los lanzamientos musicales de la semana\">\r\n\t\t\t<img loading=\"lazy\" decoding=\"async\" width=\"330\" height=\"220\" src=\"https:\/\/starssworldproduction.com\/web\/wp-content\/uploads\/2026\/03\/Shakira-Beele-330x220.webp\" class=\"featured-img wp-post-image\" alt=\"Shakira y Be\u00e9le\" loading=\"lazy\" \/>\t\t<\/a>\r\n\t\t\t\t<\/div>\r\n\t<\/div>\r\n\t\t<h2 class=\"entry-title\">\t\t<a class=\"p-url\" href=\"https:\/\/starssworldproduction.com\/web\/2026\/03\/11\/shakira-y-beele-presentan-algo-tu-y-mas-estrenos-en-los-lanzamientos-musicales-de-la-semana\/\" rel=\"bookmark\">Shakira y Be\u00e9le presentan &#8216;Algo t\u00fa&#8217; y m\u00e1s estrenos en los lanzamientos musicales de la semana<\/a><\/h2>\t\t\t<div class=\"p-meta\">\r\n\t\t\t\t<div class=\"meta-inner is-meta\">\r\n\t\t\t\t\t\t\t<div class=\"meta-el meta-update human-format\">\r\n\t\t\t\t\t\t<time class=\"updated\" datetime=\"2026-03-11T14:19:43+00:00\">2 meses ago<\/time>\r\n\t\t<\/div>\r\n\t\t\t\t<div class=\"meta-el meta-author\">\r\n\t\t\t\t\t\t\t<span class=\"meta-label\">By<\/span>\r\n\t\t\t<a href=\"https:\/\/starssworldproduction.com\/web\/author\/luzstarsworldproduction-com\/\">luz@starsworldproduction.com<\/a>\t\t<\/div>\r\n\t\t\t\t\t\t<\/div>\r\n\t\t\t\t\t\t\t<\/div>\r\n\t\t<\/div>\t\t<\/div>\r\n\t\t\t<div class=\"p-wrap p-box p-grid-box-1 box-border\" data-pid=\"11352\">\r\n\t<div class=\"grid-box\">\t\t\t<div class=\"feat-holder\">\r\n\t\t\t\t\t\t<div class=\"p-featured\">\r\n\t\t\t\t\t<a class=\"p-flink\" href=\"https:\/\/starssworldproduction.com\/web\/2026\/03\/11\/miley-cyrus-vuelve-a-ser-hannah-montana-luego-de-20-anos-primer-vistazo-del-especial\/\" title=\"Miley Cyrus vuelve a ser Hannah Montana luego de 20 a\u00f1os: primer vistazo del especial\">\r\n\t\t\t<img loading=\"lazy\" decoding=\"async\" width=\"330\" height=\"220\" src=\"https:\/\/starssworldproduction.com\/web\/wp-content\/uploads\/2026\/03\/miley-cyrus-330x220.webp\" class=\"featured-img wp-post-image\" alt=\"Miley Cyrus\" loading=\"lazy\" \/>\t\t<\/a>\r\n\t\t\t\t<\/div>\r\n\t<\/div>\r\n\t\t<h2 class=\"entry-title\">\t\t<a class=\"p-url\" href=\"https:\/\/starssworldproduction.com\/web\/2026\/03\/11\/miley-cyrus-vuelve-a-ser-hannah-montana-luego-de-20-anos-primer-vistazo-del-especial\/\" rel=\"bookmark\">Miley Cyrus vuelve a ser Hannah Montana luego de 20 a\u00f1os: primer vistazo del especial<\/a><\/h2>\t\t\t<div class=\"p-meta\">\r\n\t\t\t\t<div class=\"meta-inner is-meta\">\r\n\t\t\t\t\t\t\t<div class=\"meta-el meta-update human-format\">\r\n\t\t\t\t\t\t<time class=\"updated\" datetime=\"2026-03-11T14:13:31+00:00\">2 meses ago<\/time>\r\n\t\t<\/div>\r\n\t\t\t\t<div class=\"meta-el meta-author\">\r\n\t\t\t\t\t\t\t<span class=\"meta-label\">By<\/span>\r\n\t\t\t<a href=\"https:\/\/starssworldproduction.com\/web\/author\/luzstarsworldproduction-com\/\">luz@starsworldproduction.com<\/a>\t\t<\/div>\r\n\t\t\t\t\t\t<\/div>\r\n\t\t\t\t\t\t\t<\/div>\r\n\t\t<\/div>\t\t<\/div>\r\n\t\t\t<div class=\"p-wrap p-box p-grid-box-1 box-border\" data-pid=\"11349\">\r\n\t<div class=\"grid-box\">\t\t\t<div class=\"feat-holder\">\r\n\t\t\t\t\t\t<div class=\"p-featured\">\r\n\t\t\t\t\t<a class=\"p-flink\" href=\"https:\/\/starssworldproduction.com\/web\/2026\/03\/11\/fonseca-anuncia-su-primer-concierto-en-el-campin-en-la-casa\/\" title=\"Fonseca anuncia su primer concierto en El Camp\u00edn: \u00abEn la casa\u00bb\">\r\n\t\t\t<img loading=\"lazy\" decoding=\"async\" width=\"330\" height=\"220\" src=\"https:\/\/starssworldproduction.com\/web\/wp-content\/uploads\/2026\/03\/fonseca-330x220.webp\" class=\"featured-img wp-post-image\" alt=\"Fonseca\" loading=\"lazy\" \/>\t\t<\/a>\r\n\t\t\t\t<\/div>\r\n\t<\/div>\r\n\t\t<h2 class=\"entry-title\">\t\t<a class=\"p-url\" href=\"https:\/\/starssworldproduction.com\/web\/2026\/03\/11\/fonseca-anuncia-su-primer-concierto-en-el-campin-en-la-casa\/\" rel=\"bookmark\">Fonseca anuncia su primer concierto en El Camp\u00edn: \u00abEn la casa\u00bb<\/a><\/h2>\t\t\t<div class=\"p-meta\">\r\n\t\t\t\t<div class=\"meta-inner is-meta\">\r\n\t\t\t\t\t\t\t<div class=\"meta-el meta-update human-format\">\r\n\t\t\t\t\t\t<time class=\"updated\" datetime=\"2026-03-11T14:05:16+00:00\">2 meses ago<\/time>\r\n\t\t<\/div>\r\n\t\t\t\t<div class=\"meta-el meta-author\">\r\n\t\t\t\t\t\t\t<span class=\"meta-label\">By<\/span>\r\n\t\t\t<a href=\"https:\/\/starssworldproduction.com\/web\/author\/luzstarsworldproduction-com\/\">luz@starsworldproduction.com<\/a>\t\t<\/div>\r\n\t\t\t\t\t\t<\/div>\r\n\t\t\t\t\t\t\t<\/div>\r\n\t\t<\/div>\t\t<\/div>\r\n\t\t\t<div class=\"p-wrap p-box p-grid-box-1 box-border\" data-pid=\"11344\">\r\n\t<div class=\"grid-box\">\t\t\t<div class=\"feat-holder\">\r\n\t\t\t\t\t\t<div class=\"p-featured\">\r\n\t\t\t\t\t<a class=\"p-flink\" href=\"https:\/\/starssworldproduction.com\/web\/2026\/03\/09\/la-prediccion-de-muerte-que-marco-a-silvestre-dangond-hizo-una-cancion-al-respecto\/\" title=\"La predicci\u00f3n de muerte que marc\u00f3 a Silvestre Dangond, hizo una canci\u00f3n al respecto\">\r\n\t\t\t<img loading=\"lazy\" decoding=\"async\" width=\"330\" height=\"220\" src=\"https:\/\/starssworldproduction.com\/web\/wp-content\/uploads\/2026\/03\/silvestre-dangond-cautivo-cartagena-fotos-cortesia-de-metroconcierto-XM4XE7YBP5GYHLOAYBGDWYD45Y-330x220.avif\" class=\"featured-img wp-post-image\" alt=\"Silvestre Dangond\" loading=\"lazy\" \/>\t\t<\/a>\r\n\t\t\t\t<\/div>\r\n\t<\/div>\r\n\t\t<h2 class=\"entry-title\">\t\t<a class=\"p-url\" href=\"https:\/\/starssworldproduction.com\/web\/2026\/03\/09\/la-prediccion-de-muerte-que-marco-a-silvestre-dangond-hizo-una-cancion-al-respecto\/\" rel=\"bookmark\">La predicci\u00f3n de muerte que marc\u00f3 a Silvestre Dangond, hizo una canci\u00f3n al respecto<\/a><\/h2>\t\t\t<div class=\"p-meta\">\r\n\t\t\t\t<div class=\"meta-inner is-meta\">\r\n\t\t\t\t\t\t\t<div class=\"meta-el meta-update human-format\">\r\n\t\t\t\t\t\t<time class=\"updated\" datetime=\"2026-03-09T16:04:44+00:00\">2 meses ago<\/time>\r\n\t\t<\/div>\r\n\t\t\t\t<div class=\"meta-el meta-author\">\r\n\t\t\t\t\t\t\t<span class=\"meta-label\">By<\/span>\r\n\t\t\t<a href=\"https:\/\/starssworldproduction.com\/web\/author\/luzstarsworldproduction-com\/\">luz@starsworldproduction.com<\/a>\t\t<\/div>\r\n\t\t\t\t\t\t<\/div>\r\n\t\t\t\t\t\t\t<\/div>\r\n\t\t<\/div>\t\t<\/div>\r\n\t<\/div><\/div>\t\t\t\t<\/div>\n\t\t\t\t<\/div>\n\t\t\t\t<div class=\"elementor-element elementor-element-0e515d6 elementor-widget elementor-widget-foxiz-heading\" data-id=\"0e515d6\" data-element_type=\"widget\" data-e-type=\"widget\" data-widget_type=\"foxiz-heading.default\">\n\t\t\t\t<div class=\"elementor-widget-container\">\n\t\t\t\t\t<div id=\"uid_0e515d6\" class=\"block-h heading-layout-1\"><div class=\"heading-inner\"><h2 class=\"heading-title\"><a class=\"h-link\" href=\"https:\/\/foxiz.themeruby.com\/popcult\/category\/movies-tv\/\">Movie &amp; TV<\/a><\/h2><\/div><\/div>\t\t\t\t<\/div>\n\t\t\t\t<\/div>\n\t\t\t\t\t<\/div>\n\t\t\t\t<\/div>\n\t\t<div class=\"elementor-element elementor-element-5fa4536 e-flex e-con-boxed e-con e-parent\" data-id=\"5fa4536\" data-element_type=\"container\" data-e-type=\"container\">\n\t\t\t\t\t<div class=\"e-con-inner\">\n\t\t<div class=\"elementor-element elementor-element-7ad4448 e-con-full e-flex e-con e-child\" data-id=\"7ad4448\" data-element_type=\"container\" data-e-type=\"container\">\n\t\t\t\t<div class=\"elementor-element elementor-element-0b65771 elementor-widget elementor-widget-foxiz-overlay-1\" data-id=\"0b65771\" data-element_type=\"widget\" data-e-type=\"widget\" data-widget_type=\"foxiz-overlay-1.default\">\n\t\t\t\t<div class=\"elementor-widget-container\">\n\t\t\t\t\t<div id=\"uid_0b65771\" class=\"block-wrap block-overlay overlay-1 p-gradient rb-columns rb-col-1 rb-tcol-1 rb-mcol-1 ecat-bg-4 meta-s-default\"><div class=\"block-inner\">\t\t<div class=\"p-wrap p-highlight p-overlay-1\" data-pid=\"11341\">\r\n\t\t\t<div class=\"overlay-holder\">\r\n\t\t\t\t\t<div class=\"p-featured\">\r\n\t\t\t\t\t<a class=\"p-flink\" href=\"https:\/\/starssworldproduction.com\/web\/2026\/03\/09\/bad-bunny-realiza-su-primer-concierto-en-asia-en-el-billions-club-de-spotify-repleto-de-estrellas-en-tokio\/\" title=\"Bad Bunny realiza su primer concierto en Asia en el Billions Club de Spotify, repleto de estrellas, en Tokio\">\r\n\t\t\t<img fetchpriority=\"high\" decoding=\"async\" width=\"860\" height=\"573\" src=\"https:\/\/starssworldproduction.com\/web\/wp-content\/uploads\/2026\/03\/bad-bunny-2026-spotify-billions-club-tokyo-billboard-1800-860x573.webp\" class=\"featured-img wp-post-image\" alt=\"Bad Bunny\" loading=\"eager\" \/>\t\t<\/a>\r\n\t\t\t\t<\/div>\r\n\t\t\t\t<div class=\"overlay-wrap\">\r\n\t\t\t\t<div class=\"overlay-inner p-content light-scheme\">\r\n\t\t\t\t\t<div class=\"p-categories p-top\"><a class=\"p-category category-id-879\" href=\"https:\/\/starssworldproduction.com\/web\/tag\/asia\/\" >Asia<\/a><\/div><h2 class=\"entry-title\">\t\t<a class=\"p-url\" href=\"https:\/\/starssworldproduction.com\/web\/2026\/03\/09\/bad-bunny-realiza-su-primer-concierto-en-asia-en-el-billions-club-de-spotify-repleto-de-estrellas-en-tokio\/\" rel=\"bookmark\">Bad Bunny realiza su primer concierto en Asia en el Billions Club de Spotify, repleto de estrellas, en Tokio<\/a><\/h2>\t\t\t<div class=\"p-meta\">\r\n\t\t\t\t<div class=\"meta-inner is-meta\">\r\n\t\t\t\t\t\t<div class=\"meta-el meta-date\">\r\n\t\t\t\t<time class=\"date published\" datetime=\"2026-03-09T15:52:27+00:00\">2 meses ago<\/time>\r\n\t\t<\/div>\t\t<div class=\"meta-el meta-author\">\r\n\t\t\t\t\t\t\t<span class=\"meta-label\">By<\/span>\r\n\t\t\t<a href=\"https:\/\/starssworldproduction.com\/web\/author\/luzstarsworldproduction-com\/\">luz@starsworldproduction.com<\/a>\t\t<\/div>\r\n\t\t\t\t\t\t<\/div>\r\n\t\t\t\t\t\t\t<\/div>\r\n\t\t\t\t\t\t<\/div>\r\n\t\t\t<\/div>\r\n\t\t<\/div>\r\n\t\t\t\t<\/div>\r\n\t<\/div><\/div>\t\t\t\t<\/div>\n\t\t\t\t<\/div>\n\t\t\t\t<\/div>\n\t\t<div class=\"elementor-element elementor-element-fc53a01 e-con-full e-flex e-con e-child\" data-id=\"fc53a01\" data-element_type=\"container\" data-e-type=\"container\">\n\t\t\t\t<div class=\"elementor-element elementor-element-2627fca elementor-widget elementor-widget-foxiz-grid-flex-1\" data-id=\"2627fca\" data-element_type=\"widget\" data-e-type=\"widget\" data-widget_type=\"foxiz-grid-flex-1.default\">\n\t\t\t\t<div class=\"elementor-widget-container\">\n\t\t\t\t\t<div id=\"uid_2627fca\" class=\"block-wrap block-grid block-grid-flex-1 rb-columns rb-col-1 rb-tcol-1 rb-mcol-1 is-gap-custom bottom-border is-b-border-gray no-last-bb is-m-list is-t-list meta-s-wrap\"><div class=\"block-inner\">\t\t<div class=\"p-wrap p-grid p-grid-1\" data-pid=\"11337\">\r\n\t\t\t\t<div class=\"feat-holder\">\r\n\t\t\t\t\t\t<div class=\"p-featured\">\r\n\t\t\t\t\t<a class=\"p-flink\" href=\"https:\/\/starssworldproduction.com\/web\/2026\/03\/06\/aterciopelados-canta-sobre-el-claroscuro-de-la-enfermedad-en-la-teta-pirata\/\" title=\"Aterciopelados canta sobre el claroscuro de la enfermedad en \u2018La teta pirata\u2019\">\r\n\t\t\t<img loading=\"lazy\" decoding=\"async\" width=\"420\" height=\"280\" src=\"https:\/\/starssworldproduction.com\/web\/wp-content\/uploads\/2026\/03\/Aterciopelados-canta-sobre-el-claroscuro-de-la-enfermedad-en-La-teta-pirata-420x280.jpg\" class=\"featured-img wp-post-image\" alt=\"Andrea Echeverri\" loading=\"lazy\" \/>\t\t<\/a>\r\n\t\t\t\t<\/div>\r\n\t<\/div>\r\n\t\t<h2 class=\"entry-title\">\t\t<a class=\"p-url\" href=\"https:\/\/starssworldproduction.com\/web\/2026\/03\/06\/aterciopelados-canta-sobre-el-claroscuro-de-la-enfermedad-en-la-teta-pirata\/\" rel=\"bookmark\">Aterciopelados canta sobre el claroscuro de la enfermedad en \u2018La teta pirata\u2019<\/a><\/h2>\t\t\t<div class=\"p-meta\">\r\n\t\t\t\t<div class=\"meta-inner is-meta\">\r\n\t\t\t\t\t\t\t<div class=\"meta-el meta-update human-format\">\r\n\t\t\t\t\t\t<time class=\"updated\" datetime=\"2026-03-06T21:13:19+00:00\">2 meses ago<\/time>\r\n\t\t<\/div>\r\n\t\t\t\t<div class=\"meta-el meta-author\">\r\n\t\t\t\t\t\t\t<span class=\"meta-label\">By<\/span>\r\n\t\t\t<a href=\"https:\/\/starssworldproduction.com\/web\/author\/luzstarsworldproduction-com\/\">luz@starsworldproduction.com<\/a>\t\t<\/div>\r\n\t\t\t\t\t\t<\/div>\r\n\t\t\t\t\t\t\t<\/div>\r\n\t\t\t\t<\/div>\r\n\t<\/div><\/div>\t\t\t\t<\/div>\n\t\t\t\t<\/div>\n\t\t\t\t<div class=\"elementor-element elementor-element-2b2a5f5 elementor-widget elementor-widget-foxiz-ad-image\" data-id=\"2b2a5f5\" data-element_type=\"widget\" data-e-type=\"widget\" data-widget_type=\"foxiz-ad-image.default\">\n\t\t\t\t<div class=\"elementor-widget-container\">\n\t\t\t\t\t<div class=\"ad-wrap ad-image-wrap\"><span class=\"ad-description is-meta\">- Advertisement -<\/span><div class=\"ad-image\"><a class=\"ad-destination\" target=\"_blank\" rel=\"noopener nofollow\" href=\"\/\/1.envato.market\/MXYjYo\"><img loading=\"lazy\" loading=\"lazy\" decoding=\"async\" src=\"https:\/\/foxiz.themeruby.com\/popcult\/wp-content\/uploads\/sites\/4\/2024\/12\/sidebar-banner.jpg\" alt=\"Ad image\" width=\"400\" height=\"500\"\/><\/a><\/div><\/div>\t\t\t\t<\/div>\n\t\t\t\t<\/div>\n\t\t\t\t<\/div>\n\t\t\t\t\t<\/div>\n\t\t\t\t<\/div>\n\t\t<div class=\"elementor-element elementor-element-caa9c14 e-flex e-con-boxed e-con e-parent\" data-id=\"caa9c14\" data-element_type=\"container\" data-e-type=\"container\" data-settings=\"{&quot;background_background&quot;:&quot;classic&quot;}\">\n\t\t\t\t\t<div class=\"e-con-inner\">\n\t\t\t\t<div class=\"elementor-element elementor-element-efeb0bd elementor-widget elementor-widget-foxiz-heading\" data-id=\"efeb0bd\" data-element_type=\"widget\" data-e-type=\"widget\" data-widget_type=\"foxiz-heading.default\">\n\t\t\t\t<div class=\"elementor-widget-container\">\n\t\t\t\t\t<div id=\"uid_efeb0bd\" class=\"block-h heading-layout-1 light-scheme\"><div class=\"heading-inner\"><h2 class=\"heading-title\"><a class=\"h-link\" href=\"https:\/\/foxiz.themeruby.com\/popcult\/category\/fashion\/\">Fashion<\/a><\/h2><\/div><\/div>\t\t\t\t<\/div>\n\t\t\t\t<\/div>\n\t\t\t\t<div class=\"elementor-element elementor-element-7983586 elementor-widget elementor-widget-foxiz-grid-flex-1\" data-id=\"7983586\" data-element_type=\"widget\" data-e-type=\"widget\" data-widget_type=\"foxiz-grid-flex-1.default\">\n\t\t\t\t<div class=\"elementor-widget-container\">\n\t\t\t\t\t<div id=\"uid_7983586\" class=\"block-wrap block-grid block-grid-flex-1 first-featured rb-columns rb-col-3 rb-tcol-1 rb-mcol-1 is-gap-custom light-scheme bottom-border is-b-border-gray no-last-bb is-m-list is-t-list meta-s-wrap\"><div class=\"block-inner\">\t\t<div class=\"p-wrap p-box p-grid-box-1 box-border\" data-pid=\"11332\">\r\n\t<div class=\"grid-box\">\t\t\t<div class=\"feat-holder\">\r\n\t\t\t\t\t\t<div class=\"p-featured\">\r\n\t\t\t\t\t<a class=\"p-flink\" href=\"https:\/\/starssworldproduction.com\/web\/2026\/03\/06\/juanes-muestra-su-faceta-mas-aventurera-y-liberada-en-juanesteban-su-nuevo-lp-yo-podria-literal-vivir-en-un-estudio\/\" title=\"Juanes muestra su faceta m\u00e1s aventurera y liberada en \u2018JuanEsteban\u2019 su nuevo LP: \u201cYo podr\u00eda, literal, vivir en un estudio\u201d\">\r\n\t\t\t<img loading=\"lazy\" decoding=\"async\" width=\"615\" height=\"410\" src=\"https:\/\/starssworldproduction.com\/web\/wp-content\/uploads\/2026\/03\/BUVIQQ2DFFEM5HS45YYNQEYPU4-615x410.avif\" class=\"featured-img wp-post-image\" alt=\"Juanes\" loading=\"lazy\" \/>\t\t<\/a>\r\n\t\t\t\t<\/div>\r\n\t<\/div>\r\n\t\t<h2 class=\"entry-title\">\t\t<a class=\"p-url\" href=\"https:\/\/starssworldproduction.com\/web\/2026\/03\/06\/juanes-muestra-su-faceta-mas-aventurera-y-liberada-en-juanesteban-su-nuevo-lp-yo-podria-literal-vivir-en-un-estudio\/\" rel=\"bookmark\">Juanes muestra su faceta m\u00e1s aventurera y liberada en \u2018JuanEsteban\u2019 su nuevo LP: \u201cYo podr\u00eda, literal, vivir en un estudio\u201d<\/a><\/h2>\t\t\t<div class=\"p-meta\">\r\n\t\t\t\t<div class=\"meta-inner is-meta\">\r\n\t\t\t\t\t\t\t<div class=\"meta-el meta-update human-format\">\r\n\t\t\t\t\t\t<time class=\"updated\" datetime=\"2026-03-06T21:03:09+00:00\">2 meses ago<\/time>\r\n\t\t<\/div>\r\n\t\t\t\t<div class=\"meta-el meta-author\">\r\n\t\t\t\t\t\t\t<span class=\"meta-label\">By<\/span>\r\n\t\t\t<a href=\"https:\/\/starssworldproduction.com\/web\/author\/luzstarsworldproduction-com\/\">luz@starsworldproduction.com<\/a>\t\t<\/div>\r\n\t\t\t\t\t\t<\/div>\r\n\t\t\t\t\t\t\t<\/div>\r\n\t\t<\/div>\t\t<\/div>\r\n\t\t\t<div class=\"p-wrap p-box p-grid-box-1 box-border\" data-pid=\"11326\">\r\n\t<div class=\"grid-box\">\t\t\t<div class=\"feat-holder\">\r\n\t\t\t\t\t\t<div class=\"p-featured\">\r\n\t\t\t\t\t<a class=\"p-flink\" href=\"https:\/\/starssworldproduction.com\/web\/2026\/03\/04\/rosalia-deslumbra-en-los-brit-awards-2026-con-una-espectacular-actuacion-junto-a-bjork-y-se-convierte-en-la-primera-espanola-en-ganar-el-premio-a-mejor-artista-internacional\/\" title=\"Rosal\u00eda deslumbra en los Brit Awards 2026 con una espectacular actuaci\u00f3n junto a Bj\u00f6rk y se convierte en la primera espa\u00f1ola en ganar el premio a Mejor Artista Internacional\">\r\n\t\t\t<img loading=\"lazy\" decoding=\"async\" width=\"615\" height=\"410\" src=\"https:\/\/starssworldproduction.com\/web\/wp-content\/uploads\/2026\/03\/Rosalia-615x410.png\" class=\"featured-img wp-post-image\" alt=\"Rosal\u00eda se coronoa en los Brit Awards como Mejor Artista Internacional.AP \/ BRIT Awards Limited 2026\" loading=\"lazy\" \/>\t\t<\/a>\r\n\t\t\t\t<\/div>\r\n\t<\/div>\r\n\t\t<h2 class=\"entry-title\">\t\t<a class=\"p-url\" href=\"https:\/\/starssworldproduction.com\/web\/2026\/03\/04\/rosalia-deslumbra-en-los-brit-awards-2026-con-una-espectacular-actuacion-junto-a-bjork-y-se-convierte-en-la-primera-espanola-en-ganar-el-premio-a-mejor-artista-internacional\/\" rel=\"bookmark\">Rosal\u00eda deslumbra en los Brit Awards 2026 con una espectacular actuaci\u00f3n junto a Bj\u00f6rk y se convierte en la primera espa\u00f1ola en ganar el premio a Mejor Artista Internacional<\/a><\/h2>\t\t\t<div class=\"p-meta\">\r\n\t\t\t\t<div class=\"meta-inner is-meta\">\r\n\t\t\t\t\t\t\t<div class=\"meta-el meta-update human-format\">\r\n\t\t\t\t\t\t<time class=\"updated\" datetime=\"2026-03-04T13:41:44+00:00\">2 meses ago<\/time>\r\n\t\t<\/div>\r\n\t\t\t\t<div class=\"meta-el meta-author\">\r\n\t\t\t\t\t\t\t<span class=\"meta-label\">By<\/span>\r\n\t\t\t<a href=\"https:\/\/starssworldproduction.com\/web\/author\/luzstarsworldproduction-com\/\">luz@starsworldproduction.com<\/a>\t\t<\/div>\r\n\t\t\t\t\t\t<\/div>\r\n\t\t\t\t\t\t\t<\/div>\r\n\t\t<\/div>\t\t<\/div>\r\n\t\t\t<div class=\"p-wrap p-box p-grid-box-1 box-border\" data-pid=\"11329\">\r\n\t<div class=\"grid-box\">\t\t\t<div class=\"feat-holder\">\r\n\t\t\t\t\t\t<div class=\"p-featured\">\r\n\t\t\t\t\t<a class=\"p-flink\" href=\"https:\/\/starssworldproduction.com\/web\/2026\/03\/01\/muere-willie-colon-pionero-y-leyenda-de-la-salsa-a-los-75-anos\/\" title=\"Muere Willie Col\u00f3n, pionero y leyenda de la salsa, a los 75 a\u00f1os\">\r\n\t\t\t<img loading=\"lazy\" decoding=\"async\" width=\"495\" height=\"410\" src=\"https:\/\/starssworldproduction.com\/web\/wp-content\/uploads\/2026\/03\/WhatsApp-Image-2026-03-04-at-8.32.46-AM-495x410.jpeg\" class=\"featured-img wp-post-image\" alt=\"Willie Colon\" loading=\"lazy\" \/>\t\t<\/a>\r\n\t\t\t\t<\/div>\r\n\t<\/div>\r\n\t\t<h2 class=\"entry-title\">\t\t<a class=\"p-url\" href=\"https:\/\/starssworldproduction.com\/web\/2026\/03\/01\/muere-willie-colon-pionero-y-leyenda-de-la-salsa-a-los-75-anos\/\" rel=\"bookmark\">Muere Willie Col\u00f3n, pionero y leyenda de la salsa, a los 75 a\u00f1os<\/a><\/h2>\t\t\t<div class=\"p-meta\">\r\n\t\t\t\t<div class=\"meta-inner is-meta\">\r\n\t\t\t\t\t\t\t<div class=\"meta-el meta-update human-format\">\r\n\t\t\t\t\t\t<time class=\"updated\" datetime=\"2026-03-04T14:48:00+00:00\">2 meses ago<\/time>\r\n\t\t<\/div>\r\n\t\t\t\t<div class=\"meta-el meta-author\">\r\n\t\t\t\t\t\t\t<span class=\"meta-label\">By<\/span>\r\n\t\t\t<a href=\"https:\/\/starssworldproduction.com\/web\/author\/luzstarsworldproduction-com\/\">luz@starsworldproduction.com<\/a>\t\t<\/div>\r\n\t\t\t\t\t\t<\/div>\r\n\t\t\t\t\t\t\t<\/div>\r\n\t\t<\/div>\t\t<\/div>\r\n\t<\/div><\/div>\t\t\t\t<\/div>\n\t\t\t\t<\/div>\n\t\t\t\t\t<\/div>\n\t\t\t\t<\/div>\n\t\t<div class=\"elementor-element elementor-element-0703673 e-flex e-con-boxed e-con e-parent\" data-id=\"0703673\" data-element_type=\"container\" data-e-type=\"container\">\n\t\t\t\t\t<div class=\"e-con-inner\">\n\t\t\t\t<div class=\"elementor-element elementor-element-d625e77 elementor-widget elementor-widget-foxiz-heading\" data-id=\"d625e77\" data-element_type=\"widget\" data-e-type=\"widget\" data-widget_type=\"foxiz-heading.default\">\n\t\t\t\t<div class=\"elementor-widget-container\">\n\t\t\t\t\t<div id=\"uid_d625e77\" class=\"block-h heading-layout-1\"><div class=\"heading-inner\"><h2 class=\"heading-title\"><a class=\"h-link\" href=\"https:\/\/foxiz.themeruby.com\/popcult\/category\/celebrity-buzz\/\">Celebrity Buzz<\/a><\/h2><\/div><\/div>\t\t\t\t<\/div>\n\t\t\t\t<\/div>\n\t\t\t\t\t<\/div>\n\t\t\t\t<\/div>\n\t\t<div class=\"elementor-element elementor-element-e0ccc57 e-flex e-con-boxed e-con e-parent\" data-id=\"e0ccc57\" data-element_type=\"container\" data-e-type=\"container\">\n\t\t\t\t\t<div class=\"e-con-inner\">\n\t\t<div class=\"elementor-element elementor-element-07f53fc e-con-full e-flex e-con e-child\" data-id=\"07f53fc\" data-element_type=\"container\" data-e-type=\"container\">\n\t\t\t\t<div class=\"elementor-element elementor-element-9145c0e elementor-widget elementor-widget-foxiz-grid-flex-1\" data-id=\"9145c0e\" data-element_type=\"widget\" data-e-type=\"widget\" data-widget_type=\"foxiz-grid-flex-1.default\">\n\t\t\t\t<div class=\"elementor-widget-container\">\n\t\t\t\t\t<div id=\"uid_9145c0e\" class=\"block-wrap block-grid block-grid-flex-1 rb-columns rb-col-1 rb-tcol-1 rb-mcol-1 is-gap-20 p-center ecat-bg-2 ecat-size-big meta-s-default\"><div class=\"block-inner\">\t\t<div class=\"p-wrap p-grid p-grid-1\" data-pid=\"11317\">\r\n\t\t\t\t<div class=\"feat-holder\">\r\n\t\t\t\t\t\t<div class=\"p-featured\">\r\n\t\t\t\t\t<a class=\"p-flink\" href=\"https:\/\/starssworldproduction.com\/web\/2025\/12\/15\/demolition-man-2-regreso-del-elenco-y-nueva-trama-explicada\/\" title=\"Demolition Man 2: Regreso del elenco y nueva trama explicada\">\r\n\t\t\t<img decoding=\"async\" width=\"860\" height=\"573\" src=\"https:\/\/starssworldproduction.com\/web\/wp-content\/uploads\/2025\/12\/demolitionman-2-860x573.jpeg\" class=\"featured-img wp-post-image\" alt=\"Sylvester Stallone Demolition Man\" loading=\"eager\" \/>\t\t<\/a>\r\n\t\t\t\t<\/div>\r\n\t<div class=\"p-categories light-scheme p-top\"><a class=\"p-category category-id-8150\" href=\"https:\/\/starssworldproduction.com\/web\/tag\/demolition-man-2\/\" >Demolition Man 2<\/a><\/div><\/div>\r\n\t\t<h2 class=\"entry-title\">\t\t<a class=\"p-url\" href=\"https:\/\/starssworldproduction.com\/web\/2025\/12\/15\/demolition-man-2-regreso-del-elenco-y-nueva-trama-explicada\/\" rel=\"bookmark\">Demolition Man 2: Regreso del elenco y nueva trama explicada<\/a><\/h2><p class=\"entry-summary mobile-hide tablet-hide\">Tiene sentido que alguien finalmente se haya dado cuenta de lo genial que es el original y est\u00e9n haciendo Demolition&hellip;<\/p>\r\n\t\t\t\t\t\t<div class=\"p-meta\">\r\n\t\t\t\t<div class=\"meta-inner is-meta\">\r\n\t\t\t\t\t\t<div class=\"meta-el meta-date\">\r\n\t\t\t\t<time class=\"date published\" datetime=\"2025-12-15T14:54:11+00:00\">5 meses ago<\/time>\r\n\t\t<\/div>\t\t<div class=\"meta-el meta-author\">\r\n\t\t\t\t\t\t\t<span class=\"meta-label\">By<\/span>\r\n\t\t\t<a href=\"https:\/\/starssworldproduction.com\/web\/author\/luzstarsworldproduction-com\/\">luz@starsworldproduction.com<\/a>\t\t<\/div>\r\n\t\t\t\t\t\t<\/div>\r\n\t\t\t\t\t\t\t<\/div>\r\n\t\t\t\t<\/div>\r\n\t<\/div><\/div>\t\t\t\t<\/div>\n\t\t\t\t<\/div>\n\t\t\t\t<\/div>\n\t\t<div class=\"elementor-element elementor-element-7c67e3d e-con-full e-flex e-con e-child\" data-id=\"7c67e3d\" data-element_type=\"container\" data-e-type=\"container\">\n\t\t\t\t<div class=\"elementor-element elementor-element-87aee92 elementor-widget elementor-widget-foxiz-list-small-1\" data-id=\"87aee92\" data-element_type=\"widget\" data-e-type=\"widget\" data-widget_type=\"foxiz-list-small-1.default\">\n\t\t\t\t<div class=\"elementor-widget-container\">\n\t\t\t\t\t<div id=\"uid_87aee92\" class=\"block-wrap block-small block-list block-list-small-1 bottom-border is-b-border-gray no-last-bb ecat-bg-4 meta-s-default\"><div class=\"block-inner\">\t\t<div class=\"p-wrap p-small p-list-small-1\" data-pid=\"11314\">\r\n\t\t\t<div class=\"p-content\">\r\n\t\t\t<div class=\"p-categories p-top\"><a class=\"p-category category-id-964\" href=\"https:\/\/starssworldproduction.com\/web\/tag\/bad-bunny\/\" >BAD BUNNY<\/a><\/div><h2 class=\"entry-title\">\t\t<a class=\"p-url\" href=\"https:\/\/starssworldproduction.com\/web\/2025\/12\/15\/bad-bunny-y-karol-g-continuan-dominando-las-listas-latinas-de-fin-de-ano\/\" rel=\"bookmark\">Bad Bunny y Karol G contin\u00faan dominando las listas latinas de fin de\u00a0a\u00f1o<\/a><\/h2><p class=\"entry-summary\">Adem\u00e1s, aparecen caras m\u00e1s nuevas como Net\u00f3n Vega y RaiNao. Bad Bunny\u00a0sigue siendo el indiscutible&hellip;<\/p>\r\n\t\t\t\t\t\t<div class=\"p-meta\">\r\n\t\t\t\t<div class=\"meta-inner is-meta\">\r\n\t\t\t\t\t\t<div class=\"meta-el meta-date\">\r\n\t\t\t\t<time class=\"date published\" datetime=\"2025-12-15T14:37:30+00:00\">5 meses ago<\/time>\r\n\t\t<\/div>\t\t<div class=\"meta-el meta-category meta-bold\">\r\n\t\t\t\t\t\t\t\t<a class=\"meta-separate category-121\" href=\"https:\/\/starssworldproduction.com\/web\/category\/noticias-musicales\/\">Noticias Musicales<\/a>\r\n\t\t\t\t\t\t\t<\/div>\r\n\t\t\t\t\t\t<\/div>\r\n\t\t\t\t\t\t\t<\/div>\r\n\t\t\t\t<\/div>\r\n\t\t\t\t<\/div>\r\n\t\t\t<div class=\"p-wrap p-small p-list-small-1\" data-pid=\"11309\">\r\n\t\t\t<div class=\"p-content\">\r\n\t\t\t<div class=\"p-categories p-top\"><a class=\"p-category category-id-8149\" href=\"https:\/\/starssworldproduction.com\/web\/tag\/peter-greene\/\" >Peter Greene<\/a><\/div><h2 class=\"entry-title\">\t\t<a class=\"p-url\" href=\"https:\/\/starssworldproduction.com\/web\/2025\/12\/15\/fallecio-a-los-60-anos-peter-greene-legendario-villano-en-la-mascara-y-pulp-fiction\/\" rel=\"bookmark\">Falleci\u00f3 a los 60 a\u00f1os Peter Greene, legendario villano en\u00a0La M\u00e1scara\u00a0y\u00a0Pulp Fiction<\/a><\/h2><p class=\"entry-summary\">Las autoridades contin\u00faan con la investigaci\u00f3n para determinar la causa del deceso, tras el hallazgo&hellip;<\/p>\r\n\t\t\t\t\t\t<div class=\"p-meta\">\r\n\t\t\t\t<div class=\"meta-inner is-meta\">\r\n\t\t\t\t\t\t<div class=\"meta-el meta-date\">\r\n\t\t\t\t<time class=\"date published\" datetime=\"2025-12-15T14:29:03+00:00\">5 meses ago<\/time>\r\n\t\t<\/div>\t\t<div class=\"meta-el meta-category meta-bold\">\r\n\t\t\t\t\t\t\t\t<a class=\"meta-separate category-119\" href=\"https:\/\/starssworldproduction.com\/web\/category\/notas-de-prensa\/\">Notas de Prensa<\/a>\r\n\t\t\t\t\t\t\t<\/div>\r\n\t\t\t\t\t\t<\/div>\r\n\t\t\t\t\t\t\t<\/div>\r\n\t\t\t\t<\/div>\r\n\t\t\t\t<\/div>\r\n\t\t\t<div class=\"p-wrap p-small p-list-small-1\" data-pid=\"11304\">\r\n\t\t\t<div class=\"p-content\">\r\n\t\t\t<div class=\"p-categories p-top\"><a class=\"p-category category-id-5240\" href=\"https:\/\/starssworldproduction.com\/web\/tag\/netflix\/\" >netflix<\/a><\/div><h2 class=\"entry-title\">\t\t<a class=\"p-url\" href=\"https:\/\/starssworldproduction.com\/web\/2025\/12\/11\/netflix-comprara-warner-bros-discovery-el-acuerdo-ya-fue-selladoparamount-lanza-una-oferta-publica-de-adquisicion-hostil-sobre-warner-bros-discoverynetflix-comprara-warner-bros-discovery-el-acuerdo\/\" rel=\"bookmark\">Paramount lanza una oferta p\u00fablica de adquisici\u00f3n hostil sobre Warner Bros. Discovery<\/a><\/h2><p class=\"entry-summary\">Paramount se ha dirigido directamente a los accionistas de Warner Bros. Discovery (WBD) con una&hellip;<\/p>\r\n\t\t\t\t\t\t<div class=\"p-meta\">\r\n\t\t\t\t<div class=\"meta-inner is-meta\">\r\n\t\t\t\t\t\t<div class=\"meta-el meta-date\">\r\n\t\t\t\t<time class=\"date published\" datetime=\"2025-12-11T13:34:48+00:00\">5 meses ago<\/time>\r\n\t\t<\/div>\t\t<div class=\"meta-el meta-category meta-bold\">\r\n\t\t\t\t\t\t\t\t<a class=\"meta-separate category-120\" href=\"https:\/\/starssworldproduction.com\/web\/category\/noticias-cine\/\">Noticias Cine<\/a>\r\n\t\t\t\t\t\t\t<\/div>\r\n\t\t\t\t\t\t<\/div>\r\n\t\t\t\t\t\t\t<\/div>\r\n\t\t\t\t<\/div>\r\n\t\t\t\t<\/div>\r\n\t\t\t<div class=\"p-wrap p-small p-list-small-1\" data-pid=\"11299\">\r\n\t\t\t<div class=\"p-content\">\r\n\t\t\t<div class=\"p-categories p-top\"><a class=\"p-category category-id-8148\" href=\"https:\/\/starssworldproduction.com\/web\/tag\/kapra-diner\/\" >Kapra Diner<\/a><\/div><h2 class=\"entry-title\">\t\t<a class=\"p-url\" href=\"https:\/\/starssworldproduction.com\/web\/2025\/12\/11\/la-declaracion-de-ricky-montaner-sobre-sebastian-yatra-que-se-volvio-tendencia-en-redes\/\" rel=\"bookmark\">La declaraci\u00f3n de Ricky Montaner sobre Sebasti\u00e1n Yatra que se volvi\u00f3 tendencia en redes<\/a><\/h2><p class=\"entry-summary\">Algunos usuarios de internet habr\u00edan malinterpretado las palabras que el hijo de&nbsp;Ricardo Montaner&nbsp;dijo en el&hellip;<\/p>\r\n\t\t\t\t\t\t<div class=\"p-meta\">\r\n\t\t\t\t<div class=\"meta-inner is-meta\">\r\n\t\t\t\t\t\t<div class=\"meta-el meta-date\">\r\n\t\t\t\t<time class=\"date published\" datetime=\"2025-12-11T13:11:03+00:00\">5 meses ago<\/time>\r\n\t\t<\/div>\t\t<div class=\"meta-el meta-category meta-bold\">\r\n\t\t\t\t\t\t\t\t<a class=\"meta-separate category-119\" href=\"https:\/\/starssworldproduction.com\/web\/category\/notas-de-prensa\/\">Notas de Prensa<\/a>\r\n\t\t\t\t\t\t\t<\/div>\r\n\t\t\t\t\t\t<\/div>\r\n\t\t\t\t\t\t\t<\/div>\r\n\t\t\t\t<\/div>\r\n\t\t\t\t<\/div>\r\n\t<\/div><\/div>\t\t\t\t<\/div>\n\t\t\t\t<\/div>\n\t\t\t\t<\/div>\n\t\t\t\t\t<\/div>\n\t\t\t\t<\/div>\n\t\t<div class=\"elementor-element elementor-element-9a99b9b e-flex e-con-boxed e-con e-parent\" data-id=\"9a99b9b\" data-element_type=\"container\" data-e-type=\"container\">\n\t\t\t\t\t<div class=\"e-con-inner\">\n\t\t\t\t<div class=\"elementor-element elementor-element-fc538a3 elementor-widget elementor-widget-foxiz-ad-image\" data-id=\"fc538a3\" data-element_type=\"widget\" data-e-type=\"widget\" data-widget_type=\"foxiz-ad-image.default\">\n\t\t\t\t<div class=\"elementor-widget-container\">\n\t\t\t\t\t<div class=\"ad-wrap ad-image-wrap\"><span class=\"ad-description is-meta\">- Advertisement -<\/span><div class=\"ad-image\"><a class=\"ad-destination\" target=\"_blank\" rel=\"noopener nofollow\" href=\"\/\/1.envato.market\/MXYjYo\"><img loading=\"lazy\" loading=\"lazy\" decoding=\"async\" src=\"https:\/\/foxiz.themeruby.com\/popcult\/wp-content\/uploads\/sites\/4\/2024\/12\/banner-big.jpg\" alt=\"Ad image\" width=\"960\" height=\"135\"\/><\/a><\/div><\/div>\t\t\t\t<\/div>\n\t\t\t\t<\/div>\n\t\t\t\t\t<\/div>\n\t\t\t\t<\/div>\n\t\t<div class=\"elementor-element elementor-element-7d154c4 e-flex e-con-boxed e-con e-parent\" data-id=\"7d154c4\" data-element_type=\"container\" data-e-type=\"container\">\n\t\t\t\t\t<div class=\"e-con-inner\">\n\t\t<div class=\"elementor-element elementor-element-b730d22 e-con-full e-flex e-con e-child\" data-id=\"b730d22\" data-element_type=\"container\" data-e-type=\"container\">\n\t\t\t\t<div class=\"elementor-element elementor-element-6f708b4 elementor-widget elementor-widget-foxiz-heading\" data-id=\"6f708b4\" data-element_type=\"widget\" data-e-type=\"widget\" data-widget_type=\"foxiz-heading.default\">\n\t\t\t\t<div class=\"elementor-widget-container\">\n\t\t\t\t\t<div id=\"uid_6f708b4\" class=\"block-h heading-layout-1\"><div class=\"heading-inner\"><h2 class=\"heading-title\"><a class=\"h-link\" href=\"https:\/\/foxiz.themeruby.com\/popcult\/blog\/\">Latest News<\/a><\/h2><\/div><\/div>\t\t\t\t<\/div>\n\t\t\t\t<\/div>\n\t\t\t\t<div class=\"elementor-element elementor-element-841212b flipped-no elementor-widget elementor-widget-foxiz-list-flex\" data-id=\"841212b\" data-element_type=\"widget\" data-e-type=\"widget\" data-widget_type=\"foxiz-list-flex.default\">\n\t\t\t\t<div class=\"elementor-widget-container\">\n\t\t\t\t\t<div id=\"uid_841212b\" class=\"block-wrap block-list block-list-flex rb-columns rb-col-1 rb-tcol-1 rb-mcol-1 is-gap-custom bottom-border is-b-border-gray no-last-bb is-pagi-text ecat-bg-4 is-feat-left is-m-list res-feat-right meta-s-wrap\"><div class=\"block-inner\">\t\t<div class=\"p-wrap p-list p-list-2\" data-pid=\"11295\">\r\n\t\t\t<div class=\"list-holder\">\r\n\t\t\t<div class=\"list-feat-holder\">\r\n\t\t\t\t\t\t\t<div class=\"feat-holder\">\t\t<div class=\"p-featured\">\r\n\t\t\t\t\t<a class=\"p-flink\" href=\"https:\/\/starssworldproduction.com\/web\/2025\/12\/11\/gira-de-conciertos-de-blessd-fechas-ciudades-y-boletas\/\" title=\"Gira de conciertos de Blessd: fechas, ciudades y boletas\">\r\n\t\t\t<img loading=\"lazy\" decoding=\"async\" width=\"615\" height=\"410\" src=\"https:\/\/starssworldproduction.com\/web\/wp-content\/uploads\/2025\/12\/C4T3SISJJLONDAZL2BIZ3CB6Y4-615x410.avif\" class=\"featured-img wp-post-image\" alt=\"Blessd\" loading=\"lazy\" \/>\t\t<\/a>\r\n\t\t\t\t<\/div>\r\n\t<\/div>\r\n\t\t\t\t\t<\/div>\r\n\t\t\t<div class=\"p-content\">\r\n\t\t\t\t<h2 class=\"entry-title\">\t\t<a class=\"p-url\" href=\"https:\/\/starssworldproduction.com\/web\/2025\/12\/11\/gira-de-conciertos-de-blessd-fechas-ciudades-y-boletas\/\" rel=\"bookmark\">Gira de conciertos de Blessd: fechas, ciudades y boletas<\/a><\/h2><p class=\"entry-summary mobile-hide\">El bendito Stiven Mesa Londo\u00f1o anunci\u00f3 su gran tour por el pa\u00eds. Estos ser\u00e1n&hellip;<\/p>\r\n\t\t\t\t\t\t<div class=\"p-meta\">\r\n\t\t\t\t<div class=\"meta-inner is-meta\">\r\n\t\t\t\t\t\t\t<div class=\"meta-el meta-update human-format\">\r\n\t\t\t\t\t\t<time class=\"updated\" datetime=\"2025-12-11T13:00:28+00:00\">5 meses ago<\/time>\r\n\t\t<\/div>\r\n\t\t\t\t<div class=\"meta-el meta-author\">\r\n\t\t\t\t\t\t\t<span class=\"meta-label\">By<\/span>\r\n\t\t\t<a href=\"https:\/\/starssworldproduction.com\/web\/author\/luzstarsworldproduction-com\/\">luz@starsworldproduction.com<\/a>\t\t<\/div>\r\n\t\t\t\t\t\t<\/div>\r\n\t\t\t\t\t\t\t<\/div>\r\n\t\t\t\t\t<\/div>\r\n\t\t<\/div>\r\n\t\t\t\t<\/div>\r\n\t\t\t<div class=\"p-wrap p-list p-list-2\" data-pid=\"11292\">\r\n\t\t\t<div class=\"list-holder\">\r\n\t\t\t<div class=\"list-feat-holder\">\r\n\t\t\t\t\t\t\t<div class=\"feat-holder\">\t\t<div class=\"p-featured\">\r\n\t\t\t\t\t<a class=\"p-flink\" href=\"https:\/\/starssworldproduction.com\/web\/2025\/12\/09\/murio-rafael-ithier-fundador-de-el-gran-combo-de-puerto-rico-y-leyenda-de-la-salsa\/\" title=\"Muri\u00f3 Rafael Ithier, fundador de El Gran Combo de Puerto Rico y leyenda de la salsa\">\r\n\t\t\t<img loading=\"lazy\" decoding=\"async\" width=\"600\" height=\"410\" src=\"https:\/\/starssworldproduction.com\/web\/wp-content\/uploads\/2025\/12\/PP4937429-s-o-600x410.webp\" class=\"featured-img wp-post-image\" alt=\"Rafael Ithier\" loading=\"lazy\" \/>\t\t<\/a>\r\n\t\t\t\t<\/div>\r\n\t<\/div>\r\n\t\t\t\t\t<\/div>\r\n\t\t\t<div class=\"p-content\">\r\n\t\t\t\t<h2 class=\"entry-title\">\t\t<a class=\"p-url\" href=\"https:\/\/starssworldproduction.com\/web\/2025\/12\/09\/murio-rafael-ithier-fundador-de-el-gran-combo-de-puerto-rico-y-leyenda-de-la-salsa\/\" rel=\"bookmark\">Muri\u00f3 Rafael Ithier, fundador de El Gran Combo de Puerto Rico y leyenda de la salsa<\/a><\/h2><p class=\"entry-summary mobile-hide\">Este s\u00e1bado falleci\u00f3 a los 99 a\u00f1os uno de los fundadores y director hist\u00f3rico&hellip;<\/p>\r\n\t\t\t\t\t\t<div class=\"p-meta\">\r\n\t\t\t\t<div class=\"meta-inner is-meta\">\r\n\t\t\t\t\t\t\t<div class=\"meta-el meta-update human-format\">\r\n\t\t\t\t\t\t<time class=\"updated\" datetime=\"2025-12-09T03:52:22+00:00\">5 meses ago<\/time>\r\n\t\t<\/div>\r\n\t\t\t\t<div class=\"meta-el meta-author\">\r\n\t\t\t\t\t\t\t<span class=\"meta-label\">By<\/span>\r\n\t\t\t<a href=\"https:\/\/starssworldproduction.com\/web\/author\/luzstarsworldproduction-com\/\">luz@starsworldproduction.com<\/a>\t\t<\/div>\r\n\t\t\t\t\t\t<\/div>\r\n\t\t\t\t\t\t\t<\/div>\r\n\t\t\t\t\t<\/div>\r\n\t\t<\/div>\r\n\t\t\t\t<\/div>\r\n\t\t\t<div class=\"p-wrap p-list p-list-2\" data-pid=\"11285\">\r\n\t\t\t<div class=\"list-holder\">\r\n\t\t\t<div class=\"list-feat-holder\">\r\n\t\t\t\t\t\t\t<div class=\"feat-holder\">\t\t<div class=\"p-featured\">\r\n\t\t\t\t\t<a class=\"p-flink\" href=\"https:\/\/starssworldproduction.com\/web\/2025\/12\/09\/romeo-santos-y-prince-royce-convierten-el-madison-square-garden-en-un-ritual-de-bachata\/\" title=\"Romeo Santos y Prince Royce convierten el Madison Square Garden en un ritual de bachata\">\r\n\t\t\t<img loading=\"lazy\" decoding=\"async\" width=\"615\" height=\"410\" src=\"https:\/\/starssworldproduction.com\/web\/wp-content\/uploads\/2025\/12\/Romeo-Santos-y-Prince-Royce-convierten-el-Madison-Square-Garden-en-un-ritual-de-bachata-615x410.webp\" class=\"featured-img wp-post-image\" alt=\"Romeo Santos y Prince Royce\" loading=\"lazy\" \/>\t\t<\/a>\r\n\t\t\t\t<\/div>\r\n\t<\/div>\r\n\t\t\t\t\t<\/div>\r\n\t\t\t<div class=\"p-content\">\r\n\t\t\t\t<h2 class=\"entry-title\">\t\t<a class=\"p-url\" href=\"https:\/\/starssworldproduction.com\/web\/2025\/12\/09\/romeo-santos-y-prince-royce-convierten-el-madison-square-garden-en-un-ritual-de-bachata\/\" rel=\"bookmark\">Romeo Santos y Prince Royce convierten el Madison Square Garden en un ritual de bachata<\/a><\/h2><p class=\"entry-summary mobile-hide\">Dos generaciones de la bachata transforman el Madison Square Garden en una escucha colectiva&hellip;<\/p>\r\n\t\t\t\t\t\t<div class=\"p-meta\">\r\n\t\t\t\t<div class=\"meta-inner is-meta\">\r\n\t\t\t\t\t\t\t<div class=\"meta-el meta-update human-format\">\r\n\t\t\t\t\t\t<time class=\"updated\" datetime=\"2025-12-09T03:44:54+00:00\">5 meses ago<\/time>\r\n\t\t<\/div>\r\n\t\t\t\t<div class=\"meta-el meta-author\">\r\n\t\t\t\t\t\t\t<span class=\"meta-label\">By<\/span>\r\n\t\t\t<a href=\"https:\/\/starssworldproduction.com\/web\/author\/luzstarsworldproduction-com\/\">luz@starsworldproduction.com<\/a>\t\t<\/div>\r\n\t\t\t\t\t\t<\/div>\r\n\t\t\t\t\t\t\t<\/div>\r\n\t\t\t\t\t<\/div>\r\n\t\t<\/div>\r\n\t\t\t\t<\/div>\r\n\t\t\t<div class=\"p-wrap p-list p-list-2\" data-pid=\"11281\">\r\n\t\t\t<div class=\"list-holder\">\r\n\t\t\t<div class=\"list-feat-holder\">\r\n\t\t\t\t\t\t\t<div class=\"feat-holder\">\t\t<div class=\"p-featured\">\r\n\t\t\t\t\t<a class=\"p-flink\" href=\"https:\/\/starssworldproduction.com\/web\/2025\/12\/09\/muere-tony-mendez-guitarrista-de-kerigma-e-importante-promotor-del-rock-mexicano\/\" title=\"Muere Tony M\u00e9ndez, guitarrista de Kerigma e importante promotor del rock\u00a0mexicano\">\r\n\t\t\t<img loading=\"lazy\" decoding=\"async\" width=\"615\" height=\"410\" src=\"https:\/\/starssworldproduction.com\/web\/wp-content\/uploads\/2025\/12\/Tony-Mendez-billboard-espanol-1800-615x410.webp\" class=\"featured-img wp-post-image\" alt=\"Tony M\u00e9ndez\" loading=\"lazy\" \/>\t\t<\/a>\r\n\t\t\t\t<\/div>\r\n\t<\/div>\r\n\t\t\t\t\t<\/div>\r\n\t\t\t<div class=\"p-content\">\r\n\t\t\t\t<h2 class=\"entry-title\">\t\t<a class=\"p-url\" href=\"https:\/\/starssworldproduction.com\/web\/2025\/12\/09\/muere-tony-mendez-guitarrista-de-kerigma-e-importante-promotor-del-rock-mexicano\/\" rel=\"bookmark\">Muere Tony M\u00e9ndez, guitarrista de Kerigma e importante promotor del rock\u00a0mexicano<\/a><\/h2><p class=\"entry-summary mobile-hide\">La banda confirm\u00f3 el deceso en sus redes sociales. Tony M\u00e9ndez, guitarrista de la&hellip;<\/p>\r\n\t\t\t\t\t\t<div class=\"p-meta\">\r\n\t\t\t\t<div class=\"meta-inner is-meta\">\r\n\t\t\t\t\t\t\t<div class=\"meta-el meta-update human-format\">\r\n\t\t\t\t\t\t<time class=\"updated\" datetime=\"2025-12-09T03:36:37+00:00\">5 meses ago<\/time>\r\n\t\t<\/div>\r\n\t\t\t\t<div class=\"meta-el meta-author\">\r\n\t\t\t\t\t\t\t<span class=\"meta-label\">By<\/span>\r\n\t\t\t<a href=\"https:\/\/starssworldproduction.com\/web\/author\/luzstarsworldproduction-com\/\">luz@starsworldproduction.com<\/a>\t\t<\/div>\r\n\t\t\t\t\t\t<\/div>\r\n\t\t\t\t\t\t\t<\/div>\r\n\t\t\t\t\t<\/div>\r\n\t\t<\/div>\r\n\t\t\t\t<\/div>\r\n\t\t\t<div class=\"p-wrap p-list p-list-2\" data-pid=\"11277\">\r\n\t\t\t<div class=\"list-holder\">\r\n\t\t\t<div class=\"list-feat-holder\">\r\n\t\t\t\t\t\t\t<div class=\"feat-holder\">\t\t<div class=\"p-featured\">\r\n\t\t\t\t\t<a class=\"p-flink\" href=\"https:\/\/starssworldproduction.com\/web\/2025\/11\/23\/robbie-williams-se-convierte-en-el-rey-del-entretenimiento-en-barcelona-con-un-concierto-lleno-de-exitos-y-confesiones\/\" title=\"Robbie Williams se convierte en \u00abel rey del entretenimiento\u00bb en Barcelona con un concierto lleno de \u00e9xitos y confesiones\">\r\n\t\t\t<img loading=\"lazy\" decoding=\"async\" width=\"615\" height=\"410\" src=\"https:\/\/starssworldproduction.com\/web\/wp-content\/uploads\/2025\/11\/robbie-williams-rcde-stadium-cornella_97-615x410.webp\" class=\"featured-img wp-post-image\" alt=\"Robbie Williams\" loading=\"lazy\" \/>\t\t<\/a>\r\n\t\t\t\t<\/div>\r\n\t<\/div>\r\n\t\t\t\t\t<\/div>\r\n\t\t\t<div class=\"p-content\">\r\n\t\t\t\t<h2 class=\"entry-title\">\t\t<a class=\"p-url\" href=\"https:\/\/starssworldproduction.com\/web\/2025\/11\/23\/robbie-williams-se-convierte-en-el-rey-del-entretenimiento-en-barcelona-con-un-concierto-lleno-de-exitos-y-confesiones\/\" rel=\"bookmark\">Robbie Williams se convierte en \u00abel rey del entretenimiento\u00bb en Barcelona con un concierto lleno de \u00e9xitos y confesiones<\/a><\/h2><p class=\"entry-summary mobile-hide\">En su \u00fanica parada en Espa\u00f1a, el brit\u00e1nico Robbie Williams, de gira europea tras&hellip;<\/p>\r\n\t\t\t\t\t\t<div class=\"p-meta\">\r\n\t\t\t\t<div class=\"meta-inner is-meta\">\r\n\t\t\t\t\t\t\t<div class=\"meta-el meta-update human-format\">\r\n\t\t\t\t\t\t<time class=\"updated\" datetime=\"2025-11-23T12:53:47+00:00\">5 meses ago<\/time>\r\n\t\t<\/div>\r\n\t\t\t\t<div class=\"meta-el meta-author\">\r\n\t\t\t\t\t\t\t<span class=\"meta-label\">By<\/span>\r\n\t\t\t<a href=\"https:\/\/starssworldproduction.com\/web\/author\/luzstarsworldproduction-com\/\">luz@starsworldproduction.com<\/a>\t\t<\/div>\r\n\t\t\t\t\t\t<\/div>\r\n\t\t\t\t\t\t\t<\/div>\r\n\t\t\t\t\t<\/div>\r\n\t\t<\/div>\r\n\t\t\t\t<\/div>\r\n\t\t\t<div class=\"p-wrap p-list p-list-2\" data-pid=\"11274\">\r\n\t\t\t<div class=\"list-holder\">\r\n\t\t\t<div class=\"list-feat-holder\">\r\n\t\t\t\t\t\t\t<div class=\"feat-holder\">\t\t<div class=\"p-featured\">\r\n\t\t\t\t\t<a class=\"p-flink\" href=\"https:\/\/starssworldproduction.com\/web\/2025\/11\/23\/quien-es-fatima-bosch-la-nueva-miss-universo-2025-edad-novio-que-estudio-y-mas\/\" title=\"\u00bfQui\u00e9n es F\u00e1tima Bosch, la nueva Miss Universo 2025? Edad, novio, qu\u00e9 estudi\u00f3 y m\u00e1s\">\r\n\t\t\t<img loading=\"lazy\" decoding=\"async\" width=\"615\" height=\"410\" src=\"https:\/\/starssworldproduction.com\/web\/wp-content\/uploads\/2025\/11\/2RHSFZ6RRRDXRHWAFQ6EIFYZIA-615x410.avif\" class=\"featured-img wp-post-image\" alt=\"F\u00e1tima Bosch\" loading=\"lazy\" \/>\t\t<\/a>\r\n\t\t\t\t<\/div>\r\n\t<\/div>\r\n\t\t\t\t\t<\/div>\r\n\t\t\t<div class=\"p-content\">\r\n\t\t\t\t<h2 class=\"entry-title\">\t\t<a class=\"p-url\" href=\"https:\/\/starssworldproduction.com\/web\/2025\/11\/23\/quien-es-fatima-bosch-la-nueva-miss-universo-2025-edad-novio-que-estudio-y-mas\/\" rel=\"bookmark\">\u00bfQui\u00e9n es F\u00e1tima Bosch, la nueva Miss Universo 2025? Edad, novio, qu\u00e9 estudi\u00f3 y m\u00e1s<\/a><\/h2><p class=\"entry-summary mobile-hide\">Victoria Kj\u00e6r Theilvig le entreg\u00f3 la coronona a Miss M\u00e9xico, quien se impuso entre&hellip;<\/p>\r\n\t\t\t\t\t\t<div class=\"p-meta\">\r\n\t\t\t\t<div class=\"meta-inner is-meta\">\r\n\t\t\t\t\t\t\t<div class=\"meta-el meta-update human-format\">\r\n\t\t\t\t\t\t<time class=\"updated\" datetime=\"2025-11-23T12:40:17+00:00\">5 meses ago<\/time>\r\n\t\t<\/div>\r\n\t\t\t\t<div class=\"meta-el meta-author\">\r\n\t\t\t\t\t\t\t<span class=\"meta-label\">By<\/span>\r\n\t\t\t<a href=\"https:\/\/starssworldproduction.com\/web\/author\/luzstarsworldproduction-com\/\">luz@starsworldproduction.com<\/a>\t\t<\/div>\r\n\t\t\t\t\t\t<\/div>\r\n\t\t\t\t\t\t\t<\/div>\r\n\t\t\t\t\t<\/div>\r\n\t\t<\/div>\r\n\t\t\t\t<\/div>\r\n\t\t\t<div class=\"p-wrap p-list p-list-2\" data-pid=\"11271\">\r\n\t\t\t<div class=\"list-holder\">\r\n\t\t\t<div class=\"list-feat-holder\">\r\n\t\t\t\t\t\t\t<div class=\"feat-holder\">\t\t<div class=\"p-featured\">\r\n\t\t\t\t\t<a class=\"p-flink\" href=\"https:\/\/starssworldproduction.com\/web\/2025\/11\/17\/shakira-vuelve-a-conquistar-disney-protagoniza-zootopia-2-y-lanza-cancion\/\" title=\"Shakira vuelve a conquistar Disney: protagoniza Zootopia 2 y lanza canci\u00f3n\">\r\n\t\t\t<img loading=\"lazy\" decoding=\"async\" width=\"615\" height=\"410\" src=\"https:\/\/starssworldproduction.com\/web\/wp-content\/uploads\/2025\/11\/shakira-zootopia-2_49261610_20251114182145-615x410.webp\" class=\"featured-img wp-post-image\" alt=\"Shakira\" loading=\"lazy\" \/>\t\t<\/a>\r\n\t\t\t\t<\/div>\r\n\t<\/div>\r\n\t\t\t\t\t<\/div>\r\n\t\t\t<div class=\"p-content\">\r\n\t\t\t\t<h2 class=\"entry-title\">\t\t<a class=\"p-url\" href=\"https:\/\/starssworldproduction.com\/web\/2025\/11\/17\/shakira-vuelve-a-conquistar-disney-protagoniza-zootopia-2-y-lanza-cancion\/\" rel=\"bookmark\">Shakira vuelve a conquistar Disney: protagoniza Zootopia 2 y lanza canci\u00f3n<\/a><\/h2><p class=\"entry-summary mobile-hide\">Shakira reapareci\u00f3 en Hollywood para el lanzamiento de esta cinta de Disney, en la&hellip;<\/p>\r\n\t\t\t\t\t\t<div class=\"p-meta\">\r\n\t\t\t\t<div class=\"meta-inner is-meta\">\r\n\t\t\t\t\t\t\t<div class=\"meta-el meta-update human-format\">\r\n\t\t\t\t\t\t<time class=\"updated\" datetime=\"2025-11-17T18:06:38+00:00\">5 meses ago<\/time>\r\n\t\t<\/div>\r\n\t\t\t\t<div class=\"meta-el meta-author\">\r\n\t\t\t\t\t\t\t<span class=\"meta-label\">By<\/span>\r\n\t\t\t<a href=\"https:\/\/starssworldproduction.com\/web\/author\/luzstarsworldproduction-com\/\">luz@starsworldproduction.com<\/a>\t\t<\/div>\r\n\t\t\t\t\t\t<\/div>\r\n\t\t\t\t\t\t\t<\/div>\r\n\t\t\t\t\t<\/div>\r\n\t\t<\/div>\r\n\t\t\t\t<\/div>\r\n\t\t\t<div class=\"p-wrap p-list p-list-2\" data-pid=\"11268\">\r\n\t\t\t<div class=\"list-holder\">\r\n\t\t\t<div class=\"list-feat-holder\">\r\n\t\t\t\t\t\t\t<div class=\"feat-holder\">\t\t<div class=\"p-featured\">\r\n\t\t\t\t\t<a class=\"p-flink\" href=\"https:\/\/starssworldproduction.com\/web\/2025\/11\/17\/miss-universo-2025-concursantes-conoce-a-todas-las-participantes-que-compiten-este-ano\/\" title=\"Miss Universo 2025 Concursantes: Conoce a todas las participantes que compiten este a\u00f1o\">\r\n\t\t\t<img loading=\"lazy\" decoding=\"async\" width=\"615\" height=\"410\" src=\"https:\/\/starssworldproduction.com\/web\/wp-content\/uploads\/2025\/11\/17633902446182-615x410.webp\" class=\"featured-img wp-post-image\" alt=\"Miss Universo 2025\" loading=\"lazy\" \/>\t\t<\/a>\r\n\t\t\t\t<\/div>\r\n\t<\/div>\r\n\t\t\t\t\t<\/div>\r\n\t\t\t<div class=\"p-content\">\r\n\t\t\t\t<h2 class=\"entry-title\">\t\t<a class=\"p-url\" href=\"https:\/\/starssworldproduction.com\/web\/2025\/11\/17\/miss-universo-2025-concursantes-conoce-a-todas-las-participantes-que-compiten-este-ano\/\" rel=\"bookmark\">Miss Universo 2025 Concursantes: Conoce a todas las participantes que compiten este a\u00f1o<\/a><\/h2><p class=\"entry-summary mobile-hide\">Todo listo para el m\u00e1ximo evento de modelaje del mundo La edici\u00f3n 2025 de\u00a0Miss&hellip;<\/p>\r\n\t\t\t\t\t\t<div class=\"p-meta\">\r\n\t\t\t\t<div class=\"meta-inner is-meta\">\r\n\t\t\t\t\t\t\t<div class=\"meta-el meta-update human-format\">\r\n\t\t\t\t\t\t<time class=\"updated\" datetime=\"2025-11-17T17:59:45+00:00\">5 meses ago<\/time>\r\n\t\t<\/div>\r\n\t\t\t\t<div class=\"meta-el meta-author\">\r\n\t\t\t\t\t\t\t<span class=\"meta-label\">By<\/span>\r\n\t\t\t<a href=\"https:\/\/starssworldproduction.com\/web\/author\/luzstarsworldproduction-com\/\">luz@starsworldproduction.com<\/a>\t\t<\/div>\r\n\t\t\t\t\t\t<\/div>\r\n\t\t\t\t\t\t\t<\/div>\r\n\t\t\t\t\t<\/div>\r\n\t\t<\/div>\r\n\t\t\t\t<\/div>\r\n\t\t\t<div class=\"p-wrap p-list p-list-2\" data-pid=\"11265\">\r\n\t\t\t<div class=\"list-holder\">\r\n\t\t\t<div class=\"list-feat-holder\">\r\n\t\t\t\t\t\t\t<div class=\"feat-holder\">\t\t<div class=\"p-featured\">\r\n\t\t\t\t\t<a class=\"p-flink\" href=\"https:\/\/starssworldproduction.com\/web\/2025\/11\/17\/george-clooney-revelo-cual-es-el-peor-fracaso-de-su-carrera-no-aprendes-de-tener-exito-aprendes-de-fallar\/\" title=\"George Clooney revel\u00f3 cu\u00e1l es el peor fracaso de su carrera: \u201cNo aprendes de tener \u00e9xito, aprendes de fallar\u201d\">\r\n\t\t\t<img loading=\"lazy\" decoding=\"async\" width=\"615\" height=\"410\" src=\"https:\/\/starssworldproduction.com\/web\/wp-content\/uploads\/2025\/11\/U6B4FMDQ6NAGRIDZYWUOJBGCQQ-615x410.avif\" class=\"featured-img wp-post-image\" alt=\"George Clooney\" loading=\"lazy\" \/>\t\t<\/a>\r\n\t\t\t\t<\/div>\r\n\t<\/div>\r\n\t\t\t\t\t<\/div>\r\n\t\t\t<div class=\"p-content\">\r\n\t\t\t\t<h2 class=\"entry-title\">\t\t<a class=\"p-url\" href=\"https:\/\/starssworldproduction.com\/web\/2025\/11\/17\/george-clooney-revelo-cual-es-el-peor-fracaso-de-su-carrera-no-aprendes-de-tener-exito-aprendes-de-fallar\/\" rel=\"bookmark\">George Clooney revel\u00f3 cu\u00e1l es el peor fracaso de su carrera: \u201cNo aprendes de tener \u00e9xito, aprendes de fallar\u201d<\/a><\/h2><p class=\"entry-summary mobile-hide\">El actor ha hablado en distintas ocasiones sobre una pel\u00edcula de los 90 que&hellip;<\/p>\r\n\t\t\t\t\t\t<div class=\"p-meta\">\r\n\t\t\t\t<div class=\"meta-inner is-meta\">\r\n\t\t\t\t\t\t\t<div class=\"meta-el meta-update human-format\">\r\n\t\t\t\t\t\t<time class=\"updated\" datetime=\"2025-11-17T17:48:03+00:00\">5 meses ago<\/time>\r\n\t\t<\/div>\r\n\t\t\t\t<div class=\"meta-el meta-author\">\r\n\t\t\t\t\t\t\t<span class=\"meta-label\">By<\/span>\r\n\t\t\t<a href=\"https:\/\/starssworldproduction.com\/web\/author\/luzstarsworldproduction-com\/\">luz@starsworldproduction.com<\/a>\t\t<\/div>\r\n\t\t\t\t\t\t<\/div>\r\n\t\t\t\t\t\t\t<\/div>\r\n\t\t\t\t\t<\/div>\r\n\t\t<\/div>\r\n\t\t\t\t<\/div>\r\n\t\t\t<div class=\"p-wrap p-list p-list-2\" data-pid=\"11258\">\r\n\t\t\t<div class=\"list-holder\">\r\n\t\t\t<div class=\"list-feat-holder\">\r\n\t\t\t\t\t\t\t<div class=\"feat-holder\">\t\t<div class=\"p-featured\">\r\n\t\t\t\t\t<a class=\"p-flink\" href=\"https:\/\/starssworldproduction.com\/web\/2025\/11\/14\/la-impresionante-alfombra-roja-de-los-latin-grammys-2025\/\" title=\"La impresionante alfombra roja de los Latin Grammys 2025\">\r\n\t\t\t<img loading=\"lazy\" decoding=\"async\" width=\"615\" height=\"410\" src=\"https:\/\/starssworldproduction.com\/web\/wp-content\/uploads\/2025\/11\/2J5FVSCEAZD6JP6CONANG66GQE-615x410.avif\" class=\"featured-img wp-post-image\" alt=\"Sergio Ramos y Pilar Rubio\" loading=\"lazy\" \/>\t\t<\/a>\r\n\t\t\t\t<\/div>\r\n\t<\/div>\r\n\t\t\t\t\t<\/div>\r\n\t\t\t<div class=\"p-content\">\r\n\t\t\t\t<h2 class=\"entry-title\">\t\t<a class=\"p-url\" href=\"https:\/\/starssworldproduction.com\/web\/2025\/11\/14\/la-impresionante-alfombra-roja-de-los-latin-grammys-2025\/\" rel=\"bookmark\">La impresionante alfombra roja de los Latin Grammys 2025<\/a><\/h2><p class=\"entry-summary mobile-hide\">En la 26.\u00aa edici\u00f3n de los Premios Grammy Latinos, la Academia Latina de la&hellip;<\/p>\r\n\t\t\t\t\t\t<div class=\"p-meta\">\r\n\t\t\t\t<div class=\"meta-inner is-meta\">\r\n\t\t\t\t\t\t\t<div class=\"meta-el meta-update human-format\">\r\n\t\t\t\t\t\t<time class=\"updated\" datetime=\"2025-11-14T15:46:41+00:00\">6 meses ago<\/time>\r\n\t\t<\/div>\r\n\t\t\t\t<div class=\"meta-el meta-author\">\r\n\t\t\t\t\t\t\t<span class=\"meta-label\">By<\/span>\r\n\t\t\t<a href=\"https:\/\/starssworldproduction.com\/web\/author\/luzstarsworldproduction-com\/\">luz@starsworldproduction.com<\/a>\t\t<\/div>\r\n\t\t\t\t\t\t<\/div>\r\n\t\t\t\t\t\t\t<\/div>\r\n\t\t\t\t\t<\/div>\r\n\t\t<\/div>\r\n\t\t\t\t<\/div>\r\n\t<\/div>\t\t<div class=\"pagination-wrap pagination-infinite\">\r\n\t\t\t<div class=\"infinite-trigger\"><i class=\"rb-loader\" aria-hidden=\"true\"><\/i><\/div>\r\n\t\t<\/div>\r\n\t\t<\/div>\t\t\t\t<\/div>\n\t\t\t\t<\/div>\n\t\t\t\t<\/div>\n\t\t<div class=\"elementor-element elementor-element-4703a15 e-con-full rb-sticky e-flex e-con e-child\" data-id=\"4703a15\" data-element_type=\"container\" data-e-type=\"container\">\n\t\t\t\t<div class=\"elementor-element elementor-element-ab9d12d btn-fw elementor-widget elementor-widget-foxiz-banner\" data-id=\"ab9d12d\" data-element_type=\"widget\" data-e-type=\"widget\" data-widget_type=\"foxiz-banner.default\">\n\t\t\t\t<div class=\"elementor-widget-container\">\n\t\t\t\t\t\t\t<div class=\"w-banner\">\r\n\t\t\t<div class=\"banner-bg\">\r\n\t\t\t\t\t\t\t<\/div>\r\n\t\t\t<div class=\"w-banner-content\">\r\n\t\t\t\t<div class=\"content-inner\">\r\n\t\t\t\t\t\t\t\t\t\t\t<h5 class=\"w-banner-title h2\">Upgrade to <em style=\"background: #f00;color: #fff\">FOXIZ <\/em> today and take advantage of these fantastic updates!<\/h5>\r\n\t\t\t\t\t\t\t\t\t\t\t<a class=\"banner-btn is-btn\" href=\"\/\/1.envato.market\/MXYjYo\" target=\"_blank\" rel=\"noopener nofollow\">Learn More<\/a>\r\n\t\t\t\t\t\t\t\t\t<\/div>\r\n\t\t\t<\/div>\r\n\t\t<\/div>\r\n\t\t\t\t\t\t<\/div>\n\t\t\t\t<\/div>\n\t\t\t\t<\/div>\n\t\t\t\t\t<\/div>\n\t\t\t\t<\/div>\n\t\t\t\t<\/div>\n\t\t","protected":false},"excerpt":{"rendered":"<p>edit Culture Street Art Revolution The Hidden Messages Behind Urban Murals Last Night\u2019s Glamorous Red Carpet Showdown: A-List Celebrities Compete in Stunning Fashion Moments \u2013 Who Stole the Spotlight? 3 years ago By xfoxiz_manager edit Runway to Real Life How High Fashion is Influencing Everyday Style 4 months ago By xfoxiz_manager edit The New Renaissance [&hellip;]<\/p>\n","protected":false},"author":1,"featured_media":0,"parent":0,"menu_order":0,"comment_status":"closed","ping_status":"closed","template":"","meta":{"footnotes":""},"class_list":["post-2529","page","type-page","status-publish"],"_links":{"self":[{"href":"https:\/\/starssworldproduction.com\/web\/wp-json\/wp\/v2\/pages\/2529","targetHints":{"allow":["GET"]}}],"collection":[{"href":"https:\/\/starssworldproduction.com\/web\/wp-json\/wp\/v2\/pages"}],"about":[{"href":"https:\/\/starssworldproduction.com\/web\/wp-json\/wp\/v2\/types\/page"}],"author":[{"embeddable":true,"href":"https:\/\/starssworldproduction.com\/web\/wp-json\/wp\/v2\/users\/1"}],"replies":[{"embeddable":true,"href":"https:\/\/starssworldproduction.com\/web\/wp-json\/wp\/v2\/comments?post=2529"}],"version-history":[{"count":0,"href":"https:\/\/starssworldproduction.com\/web\/wp-json\/wp\/v2\/pages\/2529\/revisions"}],"wp:attachment":[{"href":"https:\/\/starssworldproduction.com\/web\/wp-json\/wp\/v2\/media?parent=2529"}],"curies":[{"name":"wp","href":"https:\/\/api.w.org\/{rel}","templated":true}]}}